{"id":2862,"date":"2026-09-02T22:14:34","date_gmt":"2026-09-02T20:14:34","guid":{"rendered":"https:\/\/haenigsen.de\/?post_type=lsvr_event&#038;p=2862"},"modified":"2026-09-02T22:19:51","modified_gmt":"2026-09-02T20:19:51","slug":"kulinarischer-abend-im-pflegewohnstift","status":"publish","type":"lsvr_event","link":"https:\/\/haenigsen.de\/en\/termine\/kulinarischer-abend-im-pflegewohnstift\/","title":{"rendered":"Kulinarischer Abend im Pflegewohnstift"},"content":{"rendered":"<p class=\"wp-block-paragraph\"><strong>Herzliche Einladung zu einem kulinarischen Abend mit bayerischen Spezialit\u00e4ten!<\/strong><\/p>\n\n\n\n<p class=\"wp-block-paragraph\">Im Pflegewohnstift <strong>\u201eAn der M\u00fchle\u201c<\/strong> erwartet die G\u00e4ste ein herzhaftes Men\u00fc mit traditionellen bayerischen Gerichten.<\/p>\n\n\n\n<p class=\"wp-block-paragraph\"><strong>\ud83c\udf7d\ufe0f Das Men\u00fc<\/strong><\/p>\n\n\n\n<p class=\"wp-block-paragraph\"><strong>Vorspeise<\/strong><br>Laugenbrezel mit Obazda und Rettichsalat<\/p>\n\n\n\n<p class=\"wp-block-paragraph\"><strong>Hauptgang<\/strong><br>Halbe Grillhaxe, Leberk\u00e4se und Pfefferbauch mit Dunkelbiersauce sowie Wei\u00dfwurst mit s\u00fc\u00dfem Senf<\/p>\n\n\n\n<p class=\"wp-block-paragraph\"><strong>Dazu<\/strong><br>Kartoffelkn\u00f6del, Semmelkn\u00f6del, Bayrisch Kraut und gemischtes Gem\u00fcse<\/p>\n\n\n\n<p class=\"wp-block-paragraph\"><strong>Dessert<\/strong><br>Rote Gr\u00fctze mit Vanillesauce<\/p>\n\n\n\n<p class=\"wp-block-paragraph\"><strong>\ud83d\udcc5 Informationen<\/strong><\/p>\n\n\n\n<p class=\"wp-block-paragraph\"><strong>Beginn:<\/strong> 17:30 Uhr<br><strong>Preis:<\/strong> 19,50 \u20ac pro Person<br><em>Getr\u00e4nke werden separat abgerechnet.<\/em><\/p>\n\n\n\n<p class=\"wp-block-paragraph\"><strong>Anmeldung:<\/strong><br>Telefonisch unter <a href=\"tel:05147%209750-140\"><strong>05147 9750-140<\/strong><\/a><\/p>\n\n\n\n<p class=\"wp-block-paragraph\">Wir freuen uns auf einen gem\u00fctlichen Abend mit Ihnen und w\u00fcnschen schon jetzt <strong>guten Appetit!<\/strong><\/p>\n\n\n\n<figure class=\"wp-block-image size-large\"><img loading=\"lazy\" decoding=\"async\" width=\"724\" height=\"1024\" src=\"https:\/\/haenigsen.de\/wp-content\/uploads\/2026\/09\/IMG_4733-724x1024.png\" alt=\"\" class=\"wp-image-2864\" srcset=\"https:\/\/haenigsen.de\/wp-content\/uploads\/2026\/09\/IMG_4733-724x1024.png 724w, https:\/\/haenigsen.de\/wp-content\/uploads\/2026\/09\/IMG_4733-212x300.png 212w, https:\/\/haenigsen.de\/wp-content\/uploads\/2026\/09\/IMG_4733-768x1086.png 768w, https:\/\/haenigsen.de\/wp-content\/uploads\/2026\/09\/IMG_4733-1086x1536.png 1086w, https:\/\/haenigsen.de\/wp-content\/uploads\/2026\/09\/IMG_4733-8x12.png 8w, https:\/\/haenigsen.de\/wp-content\/uploads\/2026\/09\/IMG_4733.png 1240w\" sizes=\"auto, (max-width: 724px) 100vw, 724px\" \/><\/figure>","protected":false},"excerpt":{"rendered":"<p>Herzliche Einladung zu einem kulinarischen Abend mit bayerischen Spezialit\u00e4ten! Im Pflegewohnstift \u201eAn der M\u00fchle\u201c erwartet die G\u00e4ste ein herzhaftes Men\u00fc mit traditionellen bayerischen Gerichten. \ud83c\udf7d\ufe0f Das Men\u00fc VorspeiseLaugenbrezel mit Obazda und Rettichsalat HauptgangHalbe Grillhaxe, Leberk\u00e4se und Pfefferbauch mit Dunkelbiersauce sowie Wei\u00dfwurst mit s\u00fc\u00dfem Senf DazuKartoffelkn\u00f6del, Semmelkn\u00f6del, Bayrisch Kraut und gemischtes Gem\u00fcse DessertRote Gr\u00fctze mit Vanillesauce [&hellip;]<\/p>\n","protected":false},"author":1,"featured_media":2863,"template":"","meta":{"footnotes":""},"lsvr_event_cat":[67],"lsvr_event_tag":[],"class_list":["post-2862","lsvr_event","type-lsvr_event","status-publish","has-post-thumbnail","hentry","lsvr_event_location-pflegewohnstift-an-der-muehle","lsvr_event_cat-veranstaltungen"],"yoast_head":"<!-- This site is optimized with the Yoast SEO plugin v28.4 - https:\/\/yoast.com\/product\/yoast-seo-wordpress\/ -->\n<title>Kulinarischer Abend im Pflegewohnstift - H\u00e4nigsen<\/title>\n<meta name=\"description\" content=\"Bayerischer kulinarischer Abend im Pflegewohnstift \u201eAn der M\u00fchle\u201c mit Grillhaxe, Leberk\u00e4se, Wei\u00dfwurst und weiteren Spezialit\u00e4ten. Anmeldung erforderlich.\" \/>\n<meta name=\"robots\" content=\"index, follow, max-snippet:-1, max-image-preview:large, max-video-preview:-1\" \/>\n<link rel=\"canonical\" href=\"https:\/\/haenigsen.de\/en\/termine\/kulinarischer-abend-im-pflegewohnstift\/\" \/>\n<meta property=\"og:locale\" content=\"en_GB\" \/>\n<meta property=\"og:type\" content=\"article\" \/>\n<meta property=\"og:title\" content=\"Kulinarischer Abend im Pflegewohnstift - H\u00e4nigsen\" \/>\n<meta property=\"og:description\" content=\"Bayerischer kulinarischer Abend im Pflegewohnstift \u201eAn der M\u00fchle\u201c mit Grillhaxe, Leberk\u00e4se, Wei\u00dfwurst und weiteren Spezialit\u00e4ten. Anmeldung erforderlich.\" \/>\n<meta property=\"og:url\" content=\"https:\/\/haenigsen.de\/en\/termine\/kulinarischer-abend-im-pflegewohnstift\/\" \/>\n<meta property=\"og:site_name\" content=\"H\u00e4nigsen\" \/>\n<meta property=\"article:modified_time\" content=\"2026-09-02T20:19:51+00:00\" \/>\n<meta property=\"og:image\" content=\"https:\/\/haenigsen.de\/wp-content\/uploads\/2026\/09\/IMG_4734.jpeg\" \/>\n\t<meta property=\"og:image:width\" content=\"1096\" \/>\n\t<meta property=\"og:image:height\" content=\"521\" \/>\n\t<meta property=\"og:image:type\" content=\"image\/jpeg\" \/>\n<meta name=\"twitter:card\" content=\"summary_large_image\" \/>\n<meta name=\"twitter:label1\" content=\"Estimated reading time\" \/>\n\t<meta name=\"twitter:data1\" content=\"1 minute\" \/>\n<script type=\"application\/ld+json\" class=\"yoast-schema-graph\">{\"@context\":\"https:\\\/\\\/schema.org\",\"@graph\":[{\"@type\":\"WebPage\",\"@id\":\"https:\\\/\\\/haenigsen.de\\\/termine\\\/kulinarischer-abend-im-pflegewohnstift\\\/\",\"url\":\"https:\\\/\\\/haenigsen.de\\\/termine\\\/kulinarischer-abend-im-pflegewohnstift\\\/\",\"name\":\"Kulinarischer Abend im Pflegewohnstift - H\u00e4nigsen\",\"isPartOf\":{\"@id\":\"https:\\\/\\\/haenigsen.de\\\/#website\"},\"primaryImageOfPage\":{\"@id\":\"https:\\\/\\\/haenigsen.de\\\/termine\\\/kulinarischer-abend-im-pflegewohnstift\\\/#primaryimage\"},\"image\":{\"@id\":\"https:\\\/\\\/haenigsen.de\\\/termine\\\/kulinarischer-abend-im-pflegewohnstift\\\/#primaryimage\"},\"thumbnailUrl\":\"https:\\\/\\\/haenigsen.de\\\/wp-content\\\/uploads\\\/2026\\\/09\\\/IMG_4734.jpeg\",\"datePublished\":\"2026-09-02T20:14:34+00:00\",\"dateModified\":\"2026-09-02T20:19:51+00:00\",\"description\":\"Bayerischer kulinarischer Abend im Pflegewohnstift \u201eAn der M\u00fchle\u201c mit Grillhaxe, Leberk\u00e4se, Wei\u00dfwurst und weiteren Spezialit\u00e4ten. Anmeldung erforderlich.\",\"breadcrumb\":{\"@id\":\"https:\\\/\\\/haenigsen.de\\\/termine\\\/kulinarischer-abend-im-pflegewohnstift\\\/#breadcrumb\"},\"inLanguage\":\"en-GB\",\"potentialAction\":[{\"@type\":\"ReadAction\",\"target\":[\"https:\\\/\\\/haenigsen.de\\\/termine\\\/kulinarischer-abend-im-pflegewohnstift\\\/\"]}]},{\"@type\":\"ImageObject\",\"inLanguage\":\"en-GB\",\"@id\":\"https:\\\/\\\/haenigsen.de\\\/termine\\\/kulinarischer-abend-im-pflegewohnstift\\\/#primaryimage\",\"url\":\"https:\\\/\\\/haenigsen.de\\\/wp-content\\\/uploads\\\/2026\\\/09\\\/IMG_4734.jpeg\",\"contentUrl\":\"https:\\\/\\\/haenigsen.de\\\/wp-content\\\/uploads\\\/2026\\\/09\\\/IMG_4734.jpeg\",\"width\":1096,\"height\":521,\"caption\":\"Screenshot\"},{\"@type\":\"BreadcrumbList\",\"@id\":\"https:\\\/\\\/haenigsen.de\\\/termine\\\/kulinarischer-abend-im-pflegewohnstift\\\/#breadcrumb\",\"itemListElement\":[{\"@type\":\"ListItem\",\"position\":1,\"name\":\"Startseite\",\"item\":\"https:\\\/\\\/haenigsen.de\\\/\"},{\"@type\":\"ListItem\",\"position\":2,\"name\":\"Veranstaltungen\",\"item\":\"https:\\\/\\\/haenigsen.de\\\/termine\\\/\"},{\"@type\":\"ListItem\",\"position\":3,\"name\":\"Kulinarischer Abend im Pflegewohnstift\"}]},{\"@type\":\"WebSite\",\"@id\":\"https:\\\/\\\/haenigsen.de\\\/#website\",\"url\":\"https:\\\/\\\/haenigsen.de\\\/\",\"name\":\"H\u00e4nigsen\",\"description\":\"Ortschaft der Region Hannover\",\"publisher\":{\"@id\":\"https:\\\/\\\/haenigsen.de\\\/#organization\"},\"potentialAction\":[{\"@type\":\"SearchAction\",\"target\":{\"@type\":\"EntryPoint\",\"urlTemplate\":\"https:\\\/\\\/haenigsen.de\\\/?s={search_term_string}\"},\"query-input\":{\"@type\":\"PropertyValueSpecification\",\"valueRequired\":true,\"valueName\":\"search_term_string\"}}],\"inLanguage\":\"en-GB\"},{\"@type\":\"Organization\",\"@id\":\"https:\\\/\\\/haenigsen.de\\\/#organization\",\"name\":\"H\u00e4nigsen\",\"url\":\"https:\\\/\\\/haenigsen.de\\\/\",\"logo\":{\"@type\":\"ImageObject\",\"inLanguage\":\"en-GB\",\"@id\":\"https:\\\/\\\/haenigsen.de\\\/#\\\/schema\\\/logo\\\/image\\\/\",\"url\":\"https:\\\/\\\/haenigsen.de\\\/wp-content\\\/uploads\\\/2025\\\/08\\\/EB12A630-FD13-4357-A4DD-A57FE09F5688.jpeg\",\"contentUrl\":\"https:\\\/\\\/haenigsen.de\\\/wp-content\\\/uploads\\\/2025\\\/08\\\/EB12A630-FD13-4357-A4DD-A57FE09F5688.jpeg\",\"width\":642,\"height\":749,\"caption\":\"H\u00e4nigsen\"},\"image\":{\"@id\":\"https:\\\/\\\/haenigsen.de\\\/#\\\/schema\\\/logo\\\/image\\\/\"}}]}<\/script>\n<!-- \/ Yoast SEO plugin. -->","yoast_head_json":{"title":"Kulinarischer Abend im Pflegewohnstift - H\u00e4nigsen","description":"Bayerischer kulinarischer Abend im Pflegewohnstift \u201eAn der M\u00fchle\u201c mit Grillhaxe, Leberk\u00e4se, Wei\u00dfwurst und weiteren Spezialit\u00e4ten. Anmeldung erforderlich.","robots":{"index":"index","follow":"follow","max-snippet":"max-snippet:-1","max-image-preview":"max-image-preview:large","max-video-preview":"max-video-preview:-1"},"canonical":"https:\/\/haenigsen.de\/en\/termine\/kulinarischer-abend-im-pflegewohnstift\/","og_locale":"en_GB","og_type":"article","og_title":"Kulinarischer Abend im Pflegewohnstift - H\u00e4nigsen","og_description":"Bayerischer kulinarischer Abend im Pflegewohnstift \u201eAn der M\u00fchle\u201c mit Grillhaxe, Leberk\u00e4se, Wei\u00dfwurst und weiteren Spezialit\u00e4ten. Anmeldung erforderlich.","og_url":"https:\/\/haenigsen.de\/en\/termine\/kulinarischer-abend-im-pflegewohnstift\/","og_site_name":"H\u00e4nigsen","article_modified_time":"2026-09-02T20:19:51+00:00","og_image":[{"width":1096,"height":521,"url":"https:\/\/haenigsen.de\/wp-content\/uploads\/2026\/09\/IMG_4734.jpeg","type":"image\/jpeg"}],"twitter_card":"summary_large_image","twitter_misc":{"Estimated reading time":"1 minute"},"schema":{"@context":"https:\/\/schema.org","@graph":[{"@type":"WebPage","@id":"https:\/\/haenigsen.de\/termine\/kulinarischer-abend-im-pflegewohnstift\/","url":"https:\/\/haenigsen.de\/termine\/kulinarischer-abend-im-pflegewohnstift\/","name":"Kulinarischer Abend im Pflegewohnstift - H\u00e4nigsen","isPartOf":{"@id":"https:\/\/haenigsen.de\/#website"},"primaryImageOfPage":{"@id":"https:\/\/haenigsen.de\/termine\/kulinarischer-abend-im-pflegewohnstift\/#primaryimage"},"image":{"@id":"https:\/\/haenigsen.de\/termine\/kulinarischer-abend-im-pflegewohnstift\/#primaryimage"},"thumbnailUrl":"https:\/\/haenigsen.de\/wp-content\/uploads\/2026\/09\/IMG_4734.jpeg","datePublished":"2026-09-02T20:14:34+00:00","dateModified":"2026-09-02T20:19:51+00:00","description":"Bayerischer kulinarischer Abend im Pflegewohnstift \u201eAn der M\u00fchle\u201c mit Grillhaxe, Leberk\u00e4se, Wei\u00dfwurst und weiteren Spezialit\u00e4ten. Anmeldung erforderlich.","breadcrumb":{"@id":"https:\/\/haenigsen.de\/termine\/kulinarischer-abend-im-pflegewohnstift\/#breadcrumb"},"inLanguage":"en-GB","potentialAction":[{"@type":"ReadAction","target":["https:\/\/haenigsen.de\/termine\/kulinarischer-abend-im-pflegewohnstift\/"]}]},{"@type":"ImageObject","inLanguage":"en-GB","@id":"https:\/\/haenigsen.de\/termine\/kulinarischer-abend-im-pflegewohnstift\/#primaryimage","url":"https:\/\/haenigsen.de\/wp-content\/uploads\/2026\/09\/IMG_4734.jpeg","contentUrl":"https:\/\/haenigsen.de\/wp-content\/uploads\/2026\/09\/IMG_4734.jpeg","width":1096,"height":521,"caption":"Screenshot"},{"@type":"BreadcrumbList","@id":"https:\/\/haenigsen.de\/termine\/kulinarischer-abend-im-pflegewohnstift\/#breadcrumb","itemListElement":[{"@type":"ListItem","position":1,"name":"Startseite","item":"https:\/\/haenigsen.de\/"},{"@type":"ListItem","position":2,"name":"Veranstaltungen","item":"https:\/\/haenigsen.de\/termine\/"},{"@type":"ListItem","position":3,"name":"Kulinarischer Abend im Pflegewohnstift"}]},{"@type":"WebSite","@id":"https:\/\/haenigsen.de\/#website","url":"https:\/\/haenigsen.de\/","name":"H\u00e4nigsen","description":"Ortschaft der Region Hannover","publisher":{"@id":"https:\/\/haenigsen.de\/#organization"},"potentialAction":[{"@type":"SearchAction","target":{"@type":"EntryPoint","urlTemplate":"https:\/\/haenigsen.de\/?s={search_term_string}"},"query-input":{"@type":"PropertyValueSpecification","valueRequired":true,"valueName":"search_term_string"}}],"inLanguage":"en-GB"},{"@type":"Organization","@id":"https:\/\/haenigsen.de\/#organization","name":"H\u00e4nigsen","url":"https:\/\/haenigsen.de\/","logo":{"@type":"ImageObject","inLanguage":"en-GB","@id":"https:\/\/haenigsen.de\/#\/schema\/logo\/image\/","url":"https:\/\/haenigsen.de\/wp-content\/uploads\/2025\/08\/EB12A630-FD13-4357-A4DD-A57FE09F5688.jpeg","contentUrl":"https:\/\/haenigsen.de\/wp-content\/uploads\/2025\/08\/EB12A630-FD13-4357-A4DD-A57FE09F5688.jpeg","width":642,"height":749,"caption":"H\u00e4nigsen"},"image":{"@id":"https:\/\/haenigsen.de\/#\/schema\/logo\/image\/"}}]}},"_links":{"self":[{"href":"https:\/\/haenigsen.de\/en\/wp-json\/wp\/v2\/lsvr_event\/2862","targetHints":{"allow":["GET"]}}],"collection":[{"href":"https:\/\/haenigsen.de\/en\/wp-json\/wp\/v2\/lsvr_event"}],"about":[{"href":"https:\/\/haenigsen.de\/en\/wp-json\/wp\/v2\/types\/lsvr_event"}],"author":[{"embeddable":true,"href":"https:\/\/haenigsen.de\/en\/wp-json\/wp\/v2\/users\/1"}],"version-history":[{"count":1,"href":"https:\/\/haenigsen.de\/en\/wp-json\/wp\/v2\/lsvr_event\/2862\/revisions"}],"predecessor-version":[{"id":2865,"href":"https:\/\/haenigsen.de\/en\/wp-json\/wp\/v2\/lsvr_event\/2862\/revisions\/2865"}],"wp:featuredmedia":[{"embeddable":true,"href":"https:\/\/haenigsen.de\/en\/wp-json\/wp\/v2\/media\/2863"}],"wp:attachment":[{"href":"https:\/\/haenigsen.de\/en\/wp-json\/wp\/v2\/media?parent=2862"}],"wp:term":[{"taxonomy":"lsvr_event_cat","embeddable":true,"href":"https:\/\/haenigsen.de\/en\/wp-json\/wp\/v2\/lsvr_event_cat?post=2862"},{"taxonomy":"lsvr_event_tag","embeddable":true,"href":"https:\/\/haenigsen.de\/en\/wp-json\/wp\/v2\/lsvr_event_tag?post=2862"}],"curies":[{"name":"wp","href":"https:\/\/api.w.org\/{rel}","templated":true}]}}